{"id":249,"date":"2018-06-09T04:38:27","date_gmt":"2018-06-09T04:38:27","guid":{"rendered":"https:\/\/parijedi.org\/?page_id=249"},"modified":"2018-06-09T20:08:52","modified_gmt":"2018-06-09T20:08:52","slug":"accompagnement-des-migrants-de-retour-en-detresse-ou-en-situation-precaire","status":"publish","type":"page","link":"https:\/\/parijedi.org\/en\/accompagnement-des-migrants-de-retour-en-detresse-ou-en-situation-precaire\/","title":{"rendered":"ACCOMPAGNEMENT DES MIGRANTS DE RETOUR EN D\u00c9TRESSE OU EN SITUATION PR\u00c9CAIRE"},"content":{"rendered":"<p>[vc_row][vc_column][vc_wp_text]<\/p>\n<table width=\"604\">\n<tbody>\n<tr>\n<td width=\"54\"><strong>N\u00b0<\/strong><\/td>\n<td width=\"219\"><strong>Etapes de la proc\u00e9dure d\u2019accompagnement<\/strong><\/td>\n<td width=\"168\"><strong>Structures du <\/strong><\/p>\n<p><strong>MINJEC responsable de l\u2019accompagnement <\/strong><\/td>\n<td width=\"163\"><strong>Autres intervenants <\/strong><\/td>\n<\/tr>\n<tr>\n<td width=\"54\">1.<\/td>\n<td width=\"219\">Identification et recensement des migrants de retour en d\u00e9tresse r\u00e9sidant \u00e0 l\u2019ext\u00e9rieur du territoire camerounais<\/td>\n<td width=\"168\">PARI-JEDI<\/td>\n<td width=\"163\">&#8211;\u00a0 MINREX<\/p>\n<p>&#8211;\u00a0 OIM<\/p>\n<p>&#8211;\u00a0 Partenaires<\/td>\n<\/tr>\n<tr>\n<td width=\"54\">2.<\/td>\n<td width=\"219\">Identification et recensement des migrants de retour en d\u00e9tresse d\u00e9j\u00e0 de retour au Cameroun)<\/td>\n<td width=\"168\">PARI-JEDI<\/td>\n<td width=\"163\">&#8211;\u00a0 MINREX<\/p>\n<p>&#8211;\u00a0 OIM<\/p>\n<p>&#8211;\u00a0 Partenaires<\/td>\n<\/tr>\n<tr>\n<td width=\"54\">3.<\/td>\n<td width=\"219\">Inscription au Programme<\/td>\n<td width=\"168\">PARI-JEDI ONJ<\/td>\n<td width=\"163\">&#8211;\u00a0 MINREX<\/p>\n<p>&#8211;\u00a0 OIM<\/p>\n<p>&#8211;\u00a0 Partenaires<\/td>\n<\/tr>\n<tr>\n<td width=\"54\">4.<\/td>\n<td width=\"219\">Elaboration des plans de retour et\u00a0 r\u00e9insertion ou des plans de r\u00e9insertion pour les migrants d\u00e9j\u00e0 de retour au Cameroun avant leur prise en main.<\/td>\n<td width=\"168\">PARI-JEDI<\/td>\n<td width=\"163\">Partenaires<\/td>\n<\/tr>\n<tr>\n<td width=\"54\">5.<\/td>\n<td width=\"219\">Pr\u00e9paration des familles et des proches \u00e0 l\u2019accueil et \u00e0 l\u2019acceptation des retourn\u00e9s<\/td>\n<td width=\"168\">PARI-JEDI Services d\u00e9concentr\u00e9s<\/td>\n<td width=\"163\">&#8211;\u00a0 MINAS<\/p>\n<p>&#8211;\u00a0 MINREX<\/p>\n<p>&#8211;\u00a0 Points focaux<\/p>\n<p>&#8211;\u00a0 OIM<\/p>\n<p>&#8211;\u00a0 Partenaires<\/td>\n<\/tr>\n<tr>\n<td width=\"54\">6.<\/td>\n<td width=\"219\">maturation des plans de retour et\u00a0 r\u00e9insertion ou des plans de r\u00e9insertion pour les migrants d\u00e9j\u00e0 de retour au Cameroun avant leur prise en main.<\/td>\n<td width=\"168\">PARI-JEDI<\/td>\n<td width=\"163\">Partenaires<\/td>\n<\/tr>\n<tr>\n<td width=\"54\">7.<\/td>\n<td width=\"219\">Recherche des opportunit\u00e9s d\u2019insertion en emploi salari\u00e9 des migrants ayant sollicit\u00e9 cette option.<\/td>\n<td width=\"168\">PARI-JEDI<\/td>\n<td width=\"163\">Partenaires<\/td>\n<\/tr>\n<tr>\n<td width=\"54\">8.<\/td>\n<td width=\"219\">Arriv\u00e9e au Cameroun, accueil et orientations<\/td>\n<td width=\"168\">PARI-JEDI<\/td>\n<td width=\"163\">&#8211;\u00a0 MINREX<\/p>\n<p>&#8211;\u00a0 OIM<\/p>\n<p>&#8211;\u00a0 Partenaires<\/td>\n<\/tr>\n<tr>\n<td width=\"54\">9.<\/td>\n<td width=\"219\">Octrois allocation \/ aide d\u2019installation<\/td>\n<td width=\"168\">PARI-JEDI FONIJ<\/td>\n<td width=\"163\">Partenaires<\/td>\n<\/tr>\n<tr>\n<td width=\"54\">10.<\/td>\n<td width=\"219\">Accompagnement psychosocial des int\u00e9ress\u00e9s et pr\u00e9paration \u00e0 la r\u00e9int\u00e9gration au sein des communaut\u00e9s de d\u00e9part.<\/td>\n<td width=\"168\">PARI-JEDI<\/p>\n<p>Services d\u00e9concentr\u00e9s<\/td>\n<td width=\"163\">&#8211;\u00a0 MINAS<\/p>\n<p>&#8211;\u00a0 MINREX<\/p>\n<p>&#8211;\u00a0 Points focaux<\/p>\n<p>&#8211;\u00a0 OIM<\/p>\n<p>&#8211;\u00a0 Partenaires<\/td>\n<\/tr>\n<tr>\n<td width=\"54\">11.<\/td>\n<td width=\"219\">R\u00e9armement moral et civique, et participation aux activit\u00e9s d\u2019int\u00e9r\u00eat g\u00e9n\u00e9ral.<\/td>\n<td width=\"168\">&#8211;\u00a0 PARI-JEDI<\/p>\n<p>&#8211;\u00a0 ASCNPD<\/p>\n<p>&#8211;\u00a0 PNV<\/td>\n<td width=\"163\">Partenaires<\/td>\n<\/tr>\n<tr>\n<td width=\"54\">12.<\/td>\n<td width=\"219\">Formation \/ renforcement des capacit\u00e9s techniques, entrepreneuriales, manag\u00e9riales ou professionnelles.<\/td>\n<td width=\"168\">PARI-JEDI<\/td>\n<td width=\"163\">Partenaires<\/td>\n<\/tr>\n<tr>\n<td width=\"54\">13.<\/td>\n<td width=\"219\">Accompagnement au montage des plans d\u2019affaires ou des projets professionnels<\/td>\n<td width=\"168\">PARI-JEDI<\/td>\n<td width=\"163\">Partenaires<\/td>\n<\/tr>\n<tr>\n<td width=\"54\">14.<\/td>\n<td width=\"219\">Octroi de subventions et accompagnement \u00e0 la cr\u00e9ation d\u2019entreprise.<\/td>\n<td width=\"168\">&#8211; PARI-JEDI<\/p>\n<p>&#8211; FONIJ<\/td>\n<td width=\"163\">Partenaires<\/td>\n<\/tr>\n<tr>\n<td width=\"54\">15.<\/td>\n<td width=\"219\">Accompagnement \u00e0 l\u2019insertion en emploi salari\u00e9 pour les migrants ayant choisi cette option.<\/td>\n<td width=\"168\">&#8211; PARI-JEDI<\/p>\n<p>&#8211; ONJ<\/td>\n<td width=\"163\">Partenaires<\/td>\n<\/tr>\n<tr>\n<td width=\"54\">16.<\/td>\n<td width=\"219\">Autonomisation des int\u00e9ress\u00e9s.<\/td>\n<td width=\"168\">PARI-JEDI<\/td>\n<td width=\"163\">Partenaires<\/td>\n<\/tr>\n<\/tbody>\n<\/table>\n<p><a href=\"#_ftnref1\" name=\"_ftn1\"><\/a>[\/vc_wp_text][\/vc_column][\/vc_row]<\/p>\n","protected":false},"excerpt":{"rendered":"<p>[vc_row][vc_column][vc_wp_text] N\u00b0 Etapes de la proc\u00e9dure d\u2019accompagnement Structures du MINJEC responsable de l\u2019accompagnement Autres intervenants 1. Identification et recensement des migrants de retour en d\u00e9tresse r\u00e9sidant \u00e0 l\u2019ext\u00e9rieur du territoire camerounais PARI-JEDI &#8211;\u00a0 MINREX &#8211;\u00a0 OIM &#8211;\u00a0 Partenaires 2. Identification et recensement des migrants de retour en d\u00e9tresse d\u00e9j\u00e0 de retour au Cameroun) PARI-JEDI &#8211;\u00a0 [&hellip;]<\/p>\n","protected":false},"author":2,"featured_media":0,"parent":0,"menu_order":0,"comment_status":"closed","ping_status":"closed","template":"","meta":[],"_links":{"self":[{"href":"https:\/\/parijedi.org\/en\/wp-json\/wp\/v2\/pages\/249"}],"collection":[{"href":"https:\/\/parijedi.org\/en\/wp-json\/wp\/v2\/pages"}],"about":[{"href":"https:\/\/parijedi.org\/en\/wp-json\/wp\/v2\/types\/page"}],"author":[{"embeddable":true,"href":"https:\/\/parijedi.org\/en\/wp-json\/wp\/v2\/users\/2"}],"replies":[{"embeddable":true,"href":"https:\/\/parijedi.org\/en\/wp-json\/wp\/v2\/comments?post=249"}],"version-history":[{"count":4,"href":"https:\/\/parijedi.org\/en\/wp-json\/wp\/v2\/pages\/249\/revisions"}],"predecessor-version":[{"id":339,"href":"https:\/\/parijedi.org\/en\/wp-json\/wp\/v2\/pages\/249\/revisions\/339"}],"wp:attachment":[{"href":"https:\/\/parijedi.org\/en\/wp-json\/wp\/v2\/media?parent=249"}],"curies":[{"name":"wp","href":"https:\/\/api.w.org\/{rel}","templated":true}]}}